{"id":7,"date":"2020-03-06T13:57:37","date_gmt":"2020-03-06T13:57:37","guid":{"rendered":"http:\/\/www.richtigeslernen.ch\/cms\/?page_id=7"},"modified":"2026-03-19T15:03:35","modified_gmt":"2026-03-19T15:03:35","slug":"ueber-uns","status":"publish","type":"page","link":"https:\/\/www.richtigeslernen.ch\/cms\/ueber-uns\/","title":{"rendered":"\u00dcber uns"},"content":{"rendered":"\n<p class=\"has-black-color has-text-color has-link-color wp-elements-fc0a24959dd6fccf275ed47de15f7f6d\"><br>Gerne stellen wir unsere Schule und unser Konzept vor:<\/p>\n\n\n\n<p class=\"has-black-color has-text-color has-link-color wp-elements-edc1f98661234e0de22546a2232cb24d\"><strong>Die Schule<\/strong><\/p>\n\n\n\n<p class=\"has-black-color has-text-color has-link-color wp-elements-d7a5effbebe89443e631d713dcedd184\">Seit \u00fcber 25 Jahren befindet sich die Schule RICHTIGES LERNEN in W\u00e4denswil und hat schon viele Hunderte von Kindern erfolgreich durch die Schulzeit und Pr\u00fcfungen begleiten d\u00fcrfen.<\/p>\n\n\n\n<p class=\"has-black-color has-text-color has-link-color wp-elements-d4f5708aad8e7fe3081e9f62b236ad5a\">Gesch\u00e4ftsleitung:            Ingrid Allen<br>Lehrerin f\u00fcr Mathematik und Deutsch 5. \u2013 9. Kl.<\/p>\n\n\n\n<p class=\"has-black-color has-text-color has-link-color wp-elements-d4b5f520358d2bf4689f0b569e462ac1\"><br>Die Schule befindet sich an der Seestr. 199 in W\u00e4denswil<\/p>\n\n\n\n<p class=\"has-black-color has-text-color has-link-color wp-elements-cd77c8f5054a17ea4677c77ea15bdd58\"><strong><br><strong>Nachhilfe<\/strong><\/strong><\/p>\n\n\n\n<p class=\"has-black-color has-text-color has-link-color wp-elements-ca0515ba2b13b687661cc30d99332345\">Der Sch\u00fcler kommt zur Nachhilfe, weil er sich unsicher f\u00fchlt, das zu Angst und Unwohlsein in der Schule f\u00fchrt. Die Unsicherheit kommt durch L\u00fccken oder ungenaues Wissen des Lehrstoffes. Hier wird dem Sch\u00fcler in individuellen und fachkompetentem Unterricht die M\u00f6glichkeit gegeben, den Lehrstoff aufzuarbeiten, die L\u00fccken zu schliessen und damit wieder Freude an der Schule zu finden.<\/p>\n\n\n\n<p class=\"has-black-color has-text-color has-link-color wp-elements-cc0e541ab80720b9829b9ef9fc458ded\">Beginn jederzeit m\u00f6glich<\/p>\n\n\n\n<p class=\"has-black-color has-text-color has-link-color wp-elements-bba1d071e21fd723b0ece491b38a0f5b\"><strong><br><strong>Pr\u00fcfungsvorbereitung Gym 6. Kl<\/strong><\/strong><\/p>\n\n\n\n<p class=\"has-black-color has-text-color has-link-color wp-elements-b82df7e4d0be7256e6f0e9a69383f234\">Hier kann auf Wunsch einzeln oder in Gruppen mit max 4 Sch\u00fclern gearbeitet werden. Dabei wird immer noch geachtet, das individuell auf jedes Kind eingegangen wird. Die Kurspapiere sind klar strukturiert und auch auf das Ziel abgestimmt, dass die Sch\u00fcler den Anfang im Gymnasium gut \u00fcberstehen k\u00f6nnen. Der Stoff der 6. Klasse in Deutsch und Mathematik wird aufgearbeitet und vertieft. An Hand von einigen Pr\u00fcfungs-Tests wird den Sch\u00fclern geholfen, Sicherheit im Stoff und \u00dcberwindung von Pr\u00fcfungsangst zu bekommen. W\u00e4hrend des Unterrichts wird nur Hochdeutsch gesprochen, was den Start f\u00fcr weiterf\u00fchrende Schulen erfahrungsgem\u00e4ss erleichtert.<\/p>\n\n\n\n<p class=\"has-black-color has-text-color has-link-color wp-elements-262b9e67bf0c90b1677a368e94dd8faa\">Start nach M\u00f6glichkeit nach den Sommerferien, oder nach Absprache. Eventuell auch schon noch w\u00e4hrend Ende der 5. Kl.<\/p>\n\n\n\n<p class=\"has-black-color has-text-color has-link-color wp-elements-644b083e1963a1af645c89c52c73ee43\"><strong><br><strong>Probezeitbegleitung 1. Gym\/1.Sek.<\/strong><\/strong><\/p>\n\n\n\n<p class=\"has-black-color has-text-color has-link-color wp-elements-6d05aef1b41a5983c6c4882692689fca\">In diesem Kurs werden die F\u00e4cher Deutsch und Mathematik unterrichtet. Hierbei wird der Lehrstoff und das Thema, durch die Schule vorbestimmt, noch einmal besprochen und intensiviert. Bei erkennbaren L\u00fccken wird der Lehrstoff durch Theorie erg\u00e4nzt und aufgearbeitet.<\/p>\n\n\n\n<p class=\"has-black-color has-text-color has-link-color wp-elements-0e4bae5d3a32c170a462be9872c4bd4f\">Einzel- oder Gruppenunterricht m\u00f6glich<\/p>\n\n\n\n<p class=\"has-black-color has-text-color has-link-color wp-elements-2d97fd0a3aa80cfbdbd636c13345284d\">Beginn nach Absprache<\/p>\n\n\n\n<figure class=\"wp-block-image size-full is-resized\"><img loading=\"lazy\" decoding=\"async\" width=\"677\" height=\"677\" src=\"http:\/\/www.richtigeslernen.ch\/cms\/wp-content\/uploads\/2026\/03\/image012.jpg\" alt=\"\" class=\"wp-image-187\" style=\"width:465px;height:auto\" srcset=\"https:\/\/www.richtigeslernen.ch\/cms\/wp-content\/uploads\/2026\/03\/image012.jpg 677w, https:\/\/www.richtigeslernen.ch\/cms\/wp-content\/uploads\/2026\/03\/image012-300x300.jpg 300w, https:\/\/www.richtigeslernen.ch\/cms\/wp-content\/uploads\/2026\/03\/image012-150x150.jpg 150w\" sizes=\"auto, (max-width: 677px) 100vw, 677px\" \/><\/figure>\n\n\n\n<p class=\"has-black-color has-text-color has-link-color wp-elements-90a0789ccfa824292a02927427cbc123\"><strong><br><strong>\u00dcbertrittsvorbereitung f\u00fcr Kurzgymi und BMS (2. und 3. Sek)<\/strong><\/strong><\/p>\n\n\n\n<p class=\"has-black-color has-text-color has-link-color wp-elements-64180cb458eb07125be4308b8d3e2bb9\">Ehemalige Pr\u00fcfungen in Deutsch und Mathematik sind Ausgangsbasis dieses Kurses. Anhand dieser Pr\u00fcfungen werden Schwierigkeiten und L\u00f6sungswege aufgezeigt. Fehlender Lehrstoff und L\u00fccken werden gemeinsam aufgearbeitet und geschlossen.<\/p>\n\n\n\n<p class=\"has-black-color has-text-color has-link-color wp-elements-0e4bae5d3a32c170a462be9872c4bd4f\">Einzel- oder Gruppenunterricht m\u00f6glich<\/p>\n\n\n\n<p class=\"has-black-color has-text-color has-link-color wp-elements-e8fc67884c5a3bfb4c286aabbdd4ecc6\">Start nach den Sommerferien, gegebenenfalls auch noch w\u00e4hrend Ende der 1. Sek.<\/p>\n\n\n\n<p>M\u00f6chten Sie gerne einen Termin vereinbaren oder mehr \u00fcber unser <a href=\"http:\/\/www.richtigeslernen.ch\/cms\/kurs-ueberblick\/\">Schulungsangebot<\/a> erfahren &#8211; bitte kontaktieren Sie uns \u00fcber die Seite <a href=\"http:\/\/www.richtigeslernen.ch\/cms\/kontakt\/\">Kontakt<\/a>.<\/p>\n","protected":false},"excerpt":{"rendered":"<p>Gerne stellen wir unsere Schule und unser Konzept vor: Die Schule Seit \u00fcber 25 Jahren befindet sich die Schule RICHTIGES LERNEN in W\u00e4denswil und hat schon viele Hunderte von Kindern &#8230;<\/p>\n","protected":false},"author":1,"featured_media":0,"parent":0,"menu_order":0,"comment_status":"closed","ping_status":"closed","template":"","meta":{"footnotes":""},"class_list":["post-7","page","type-page","status-publish","hentry"],"yoast_head":"<!-- This site is optimized with the Yoast SEO plugin v27.1.1 - https:\/\/yoast.com\/product\/yoast-seo-wordpress\/ -->\n<title>\u00dcber uns - Richtiges Lernen<\/title>\n<meta name=\"robots\" content=\"index, follow, max-snippet:-1, max-image-preview:large, max-video-preview:-1\" \/>\n<link rel=\"canonical\" href=\"https:\/\/www.richtigeslernen.ch\/cms\/ueber-uns\/\" \/>\n<meta property=\"og:locale\" content=\"de_DE\" \/>\n<meta property=\"og:type\" content=\"article\" \/>\n<meta property=\"og:title\" content=\"\u00dcber uns - Richtiges Lernen\" \/>\n<meta property=\"og:description\" content=\"Gerne stellen wir unsere Schule und unser Konzept vor: Die Schule Seit \u00fcber 25 Jahren befindet sich die Schule RICHTIGES LERNEN in W\u00e4denswil und hat schon viele Hunderte von Kindern ...\" \/>\n<meta property=\"og:url\" content=\"https:\/\/www.richtigeslernen.ch\/cms\/ueber-uns\/\" \/>\n<meta property=\"og:site_name\" content=\"Richtiges Lernen\" \/>\n<meta property=\"article:modified_time\" content=\"2026-03-19T15:03:35+00:00\" \/>\n<meta property=\"og:image\" content=\"https:\/\/www.richtigeslernen.ch\/cms\/wp-content\/uploads\/2026\/03\/image012.jpg\" \/>\n\t<meta property=\"og:image:width\" content=\"677\" \/>\n\t<meta property=\"og:image:height\" content=\"677\" \/>\n\t<meta property=\"og:image:type\" content=\"image\/jpeg\" \/>\n<meta name=\"twitter:card\" content=\"summary_large_image\" \/>\n<meta name=\"twitter:label1\" content=\"Gesch\u00e4tzte Lesezeit\" \/>\n\t<meta name=\"twitter:data1\" content=\"3\u00a0Minuten\" \/>\n<script type=\"application\/ld+json\" class=\"yoast-schema-graph\">{\"@context\":\"https:\/\/schema.org\",\"@graph\":[{\"@type\":\"WebPage\",\"@id\":\"https:\/\/www.richtigeslernen.ch\/cms\/ueber-uns\/\",\"url\":\"https:\/\/www.richtigeslernen.ch\/cms\/ueber-uns\/\",\"name\":\"\u00dcber uns - Richtiges Lernen\",\"isPartOf\":{\"@id\":\"https:\/\/www.richtigeslernen.ch\/cms\/#website\"},\"primaryImageOfPage\":{\"@id\":\"https:\/\/www.richtigeslernen.ch\/cms\/ueber-uns\/#primaryimage\"},\"image\":{\"@id\":\"https:\/\/www.richtigeslernen.ch\/cms\/ueber-uns\/#primaryimage\"},\"thumbnailUrl\":\"http:\/\/www.richtigeslernen.ch\/cms\/wp-content\/uploads\/2026\/03\/image012.jpg\",\"datePublished\":\"2020-03-06T13:57:37+00:00\",\"dateModified\":\"2026-03-19T15:03:35+00:00\",\"breadcrumb\":{\"@id\":\"https:\/\/www.richtigeslernen.ch\/cms\/ueber-uns\/#breadcrumb\"},\"inLanguage\":\"de-CH\",\"potentialAction\":[{\"@type\":\"ReadAction\",\"target\":[\"https:\/\/www.richtigeslernen.ch\/cms\/ueber-uns\/\"]}]},{\"@type\":\"ImageObject\",\"inLanguage\":\"de-CH\",\"@id\":\"https:\/\/www.richtigeslernen.ch\/cms\/ueber-uns\/#primaryimage\",\"url\":\"https:\/\/www.richtigeslernen.ch\/cms\/wp-content\/uploads\/2026\/03\/image012.jpg\",\"contentUrl\":\"https:\/\/www.richtigeslernen.ch\/cms\/wp-content\/uploads\/2026\/03\/image012.jpg\",\"width\":677,\"height\":677},{\"@type\":\"BreadcrumbList\",\"@id\":\"https:\/\/www.richtigeslernen.ch\/cms\/ueber-uns\/#breadcrumb\",\"itemListElement\":[{\"@type\":\"ListItem\",\"position\":1,\"name\":\"Startseite\",\"item\":\"https:\/\/www.richtigeslernen.ch\/cms\/\"},{\"@type\":\"ListItem\",\"position\":2,\"name\":\"\u00dcber uns\"}]},{\"@type\":\"WebSite\",\"@id\":\"https:\/\/www.richtigeslernen.ch\/cms\/#website\",\"url\":\"https:\/\/www.richtigeslernen.ch\/cms\/\",\"name\":\"Richtiges Lernen\",\"description\":\"Ingrid Allen\",\"publisher\":{\"@id\":\"https:\/\/www.richtigeslernen.ch\/cms\/#organization\"},\"potentialAction\":[{\"@type\":\"SearchAction\",\"target\":{\"@type\":\"EntryPoint\",\"urlTemplate\":\"https:\/\/www.richtigeslernen.ch\/cms\/?s={search_term_string}\"},\"query-input\":{\"@type\":\"PropertyValueSpecification\",\"valueRequired\":true,\"valueName\":\"search_term_string\"}}],\"inLanguage\":\"de-CH\"},{\"@type\":\"Organization\",\"@id\":\"https:\/\/www.richtigeslernen.ch\/cms\/#organization\",\"name\":\"Richtiges Lernen\",\"url\":\"https:\/\/www.richtigeslernen.ch\/cms\/\",\"logo\":{\"@type\":\"ImageObject\",\"inLanguage\":\"de-CH\",\"@id\":\"https:\/\/www.richtigeslernen.ch\/cms\/#\/schema\/logo\/image\/\",\"url\":\"https:\/\/www.richtigeslernen.ch\/cms\/wp-content\/uploads\/2020\/03\/cropped-rl_ban.jpg\",\"contentUrl\":\"https:\/\/www.richtigeslernen.ch\/cms\/wp-content\/uploads\/2020\/03\/cropped-rl_ban.jpg\",\"width\":356,\"height\":80,\"caption\":\"Richtiges Lernen\"},\"image\":{\"@id\":\"https:\/\/www.richtigeslernen.ch\/cms\/#\/schema\/logo\/image\/\"}}]}<\/script>\n<!-- \/ Yoast SEO plugin. -->","yoast_head_json":{"title":"\u00dcber uns - Richtiges Lernen","robots":{"index":"index","follow":"follow","max-snippet":"max-snippet:-1","max-image-preview":"max-image-preview:large","max-video-preview":"max-video-preview:-1"},"canonical":"https:\/\/www.richtigeslernen.ch\/cms\/ueber-uns\/","og_locale":"de_DE","og_type":"article","og_title":"\u00dcber uns - Richtiges Lernen","og_description":"Gerne stellen wir unsere Schule und unser Konzept vor: Die Schule Seit \u00fcber 25 Jahren befindet sich die Schule RICHTIGES LERNEN in W\u00e4denswil und hat schon viele Hunderte von Kindern ...","og_url":"https:\/\/www.richtigeslernen.ch\/cms\/ueber-uns\/","og_site_name":"Richtiges Lernen","article_modified_time":"2026-03-19T15:03:35+00:00","og_image":[{"width":677,"height":677,"url":"https:\/\/www.richtigeslernen.ch\/cms\/wp-content\/uploads\/2026\/03\/image012.jpg","type":"image\/jpeg"}],"twitter_card":"summary_large_image","twitter_misc":{"Gesch\u00e4tzte Lesezeit":"3\u00a0Minuten"},"schema":{"@context":"https:\/\/schema.org","@graph":[{"@type":"WebPage","@id":"https:\/\/www.richtigeslernen.ch\/cms\/ueber-uns\/","url":"https:\/\/www.richtigeslernen.ch\/cms\/ueber-uns\/","name":"\u00dcber uns - Richtiges Lernen","isPartOf":{"@id":"https:\/\/www.richtigeslernen.ch\/cms\/#website"},"primaryImageOfPage":{"@id":"https:\/\/www.richtigeslernen.ch\/cms\/ueber-uns\/#primaryimage"},"image":{"@id":"https:\/\/www.richtigeslernen.ch\/cms\/ueber-uns\/#primaryimage"},"thumbnailUrl":"http:\/\/www.richtigeslernen.ch\/cms\/wp-content\/uploads\/2026\/03\/image012.jpg","datePublished":"2020-03-06T13:57:37+00:00","dateModified":"2026-03-19T15:03:35+00:00","breadcrumb":{"@id":"https:\/\/www.richtigeslernen.ch\/cms\/ueber-uns\/#breadcrumb"},"inLanguage":"de-CH","potentialAction":[{"@type":"ReadAction","target":["https:\/\/www.richtigeslernen.ch\/cms\/ueber-uns\/"]}]},{"@type":"ImageObject","inLanguage":"de-CH","@id":"https:\/\/www.richtigeslernen.ch\/cms\/ueber-uns\/#primaryimage","url":"https:\/\/www.richtigeslernen.ch\/cms\/wp-content\/uploads\/2026\/03\/image012.jpg","contentUrl":"https:\/\/www.richtigeslernen.ch\/cms\/wp-content\/uploads\/2026\/03\/image012.jpg","width":677,"height":677},{"@type":"BreadcrumbList","@id":"https:\/\/www.richtigeslernen.ch\/cms\/ueber-uns\/#breadcrumb","itemListElement":[{"@type":"ListItem","position":1,"name":"Startseite","item":"https:\/\/www.richtigeslernen.ch\/cms\/"},{"@type":"ListItem","position":2,"name":"\u00dcber uns"}]},{"@type":"WebSite","@id":"https:\/\/www.richtigeslernen.ch\/cms\/#website","url":"https:\/\/www.richtigeslernen.ch\/cms\/","name":"Richtiges Lernen","description":"Ingrid Allen","publisher":{"@id":"https:\/\/www.richtigeslernen.ch\/cms\/#organization"},"potentialAction":[{"@type":"SearchAction","target":{"@type":"EntryPoint","urlTemplate":"https:\/\/www.richtigeslernen.ch\/cms\/?s={search_term_string}"},"query-input":{"@type":"PropertyValueSpecification","valueRequired":true,"valueName":"search_term_string"}}],"inLanguage":"de-CH"},{"@type":"Organization","@id":"https:\/\/www.richtigeslernen.ch\/cms\/#organization","name":"Richtiges Lernen","url":"https:\/\/www.richtigeslernen.ch\/cms\/","logo":{"@type":"ImageObject","inLanguage":"de-CH","@id":"https:\/\/www.richtigeslernen.ch\/cms\/#\/schema\/logo\/image\/","url":"https:\/\/www.richtigeslernen.ch\/cms\/wp-content\/uploads\/2020\/03\/cropped-rl_ban.jpg","contentUrl":"https:\/\/www.richtigeslernen.ch\/cms\/wp-content\/uploads\/2020\/03\/cropped-rl_ban.jpg","width":356,"height":80,"caption":"Richtiges Lernen"},"image":{"@id":"https:\/\/www.richtigeslernen.ch\/cms\/#\/schema\/logo\/image\/"}}]}},"_links":{"self":[{"href":"https:\/\/www.richtigeslernen.ch\/cms\/wp-json\/wp\/v2\/pages\/7","targetHints":{"allow":["GET"]}}],"collection":[{"href":"https:\/\/www.richtigeslernen.ch\/cms\/wp-json\/wp\/v2\/pages"}],"about":[{"href":"https:\/\/www.richtigeslernen.ch\/cms\/wp-json\/wp\/v2\/types\/page"}],"author":[{"embeddable":true,"href":"https:\/\/www.richtigeslernen.ch\/cms\/wp-json\/wp\/v2\/users\/1"}],"replies":[{"embeddable":true,"href":"https:\/\/www.richtigeslernen.ch\/cms\/wp-json\/wp\/v2\/comments?post=7"}],"version-history":[{"count":10,"href":"https:\/\/www.richtigeslernen.ch\/cms\/wp-json\/wp\/v2\/pages\/7\/revisions"}],"predecessor-version":[{"id":188,"href":"https:\/\/www.richtigeslernen.ch\/cms\/wp-json\/wp\/v2\/pages\/7\/revisions\/188"}],"wp:attachment":[{"href":"https:\/\/www.richtigeslernen.ch\/cms\/wp-json\/wp\/v2\/media?parent=7"}],"curies":[{"name":"wp","href":"https:\/\/api.w.org\/{rel}","templated":true}]}}